{"id":70,"date":"2025-02-09T10:28:02","date_gmt":"2025-02-09T13:28:02","guid":{"rendered":"https:\/\/atyca.tur.ar\/?page_id=70"},"modified":"2025-03-02T11:23:27","modified_gmt":"2025-03-02T14:23:27","slug":"informacion-util","status":"publish","type":"page","link":"https:\/\/atyca.tur.ar\/en\/informacion-util\/","title":{"rendered":"Useful information"},"content":{"rendered":"<div class=\"wp-block-cover alignfull is-light is-style-hero-2 wp-elements-3442a2b5bde90f1c1b2320204c16997c\"><span aria-hidden=\"true\" class=\"wp-block-cover__background has-accent-background-color has-background-dim-100 has-background-dim\"><\/span><div class=\"wp-block-cover__inner-container is-layout-constrained wp-block-cover-is-layout-constrained\">\n<h1 class=\"wp-block-heading has-text-align-center has-xxx-large-font-size\">Useful information<\/h1>\n<\/div><\/div>\n\n\n\n<section class=\"wp-block-group is-layout-constrained wp-block-group-is-layout-constrained\">\n<div class=\"wp-block-columns is-layout-flex wp-container-core-columns-is-layout-cf05694f wp-block-columns-is-layout-flex\">\n<div class=\"wp-block-column is-layout-flow wp-block-column-is-layout-flow\">\n<h2 class=\"wp-block-heading linea-debajo\">Clima<\/h2>\n\n\n\n<p>Any time of year is a good time to travel to Argentina. It largely depends on your travel plans. Here are some advantages and disadvantages of traveling to Argentina depending on the season. Always keep in mind that the weather can vary considerably from one part of the country to another.&nbsp;<\/p>\n<\/div>\n\n\n\n<div class=\"wp-block-column is-layout-flow wp-block-column-is-layout-flow\">\n<div class=\"wp-block-group is-vertical is-layout-flex wp-container-core-group-is-layout-4b827052 wp-block-group-is-layout-flex\">\n<h4 class=\"wp-block-heading\"><strong>PRIMAVERA<br>Septiembre, Octubre y Noviembre<\/strong><\/h4>\n\n\n\n<p>Son los meses de temporada alta para el turismo interno en Argentina. En esta \u00e9poca, encontraremos mucho calor en Buenos Aires y en la regi\u00f3n norte, pero es el mejor per\u00edodo para conocer toda la regi\u00f3n Patag\u00f3nica.<\/p>\n<\/div>\n\n\n\n<div class=\"wp-block-group is-vertical is-layout-flex wp-container-core-group-is-layout-4b827052 wp-block-group-is-layout-flex\">\n<h4 class=\"wp-block-heading\"><strong>VERANO<br>Diciembre, Enero y Febrero<\/strong><\/h4>\n\n\n\n<p>Es uno de los mejores momentos para visitar Buenos Aires y pr\u00e1cticamente todas las regiones de Argentina con un clima moderado. A\u00fan que igual pueden caer algunas nevadas en la Patagonia.<\/p>\n<\/div>\n\n\n\n<div class=\"wp-block-group is-vertical is-layout-flex wp-container-core-group-is-layout-4b827052 wp-block-group-is-layout-flex\">\n<h4 class=\"wp-block-heading\"><strong>OTO\u00d1O<br>Marzo, Abril y Mayo<\/strong><\/h4>\n\n\n\n<p>Al igual que sucede en primavera, las temperaturas suaves le convierten en la estaci\u00f3n ideal para Buenos Aires y la mayor\u00eda de regiones del pa\u00eds (sobre todo durante las primeras semanas de la estaci\u00f3n). Tambi\u00e9n es un buen momento para disfrutar de los colores oto\u00f1ales en Patagonia, como por ejemplo Tierra del Fuego, provincia que alberga la ciudad de Ushuaia, que nos deslumbra con los colores rojizos.<\/p>\n<\/div>\n\n\n\n<div class=\"wp-block-group is-vertical is-layout-flex wp-container-core-group-is-layout-4b827052 wp-block-group-is-layout-flex\">\n<h4 class=\"wp-block-heading\"><strong>INVIERNO<br>Junio, Julio y Agosto<\/strong><\/h4>\n\n\n\n<p>Nos encontramos en pleno invierno austral y temporada alta para los amantes de la nieve. Tambi\u00e9n contin\u00faa siendo un buen momento para visitar Buenos Aires, Iguaz\u00fa y la regi\u00f3n norte en un ambiente mas fresco que otros meses.<\/p>\n<\/div>\n<\/div>\n<\/div>\n\n\n\n<div style=\"height:39px\" aria-hidden=\"true\" class=\"wp-block-spacer\"><\/div>\n<\/section>\n\n\n\n<section class=\"wp-block-group alignfull has-base-100-background-color has-background is-layout-constrained wp-block-group-is-layout-constrained\">\n<div class=\"wp-block-columns is-layout-flex wp-container-core-columns-is-layout-cf05694f wp-block-columns-is-layout-flex\">\n<div class=\"wp-block-column is-layout-flow wp-block-column-is-layout-flow\">\n<h2 class=\"wp-block-heading linea-debajo\">Horarios comerciales &amp; gastronom\u00eda<\/h2>\n\n\n\n<p>Tenga en cuenta que esta informaci\u00f3n puede variar seg\u00fan la provincia que est\u00e9 visitando.<\/p>\n<\/div>\n\n\n\n<div class=\"wp-block-column is-layout-flow wp-block-column-is-layout-flow\">\n<ul class=\"wp-block-list std-list\">\n<li><strong>Bancos y casas de cambio<\/strong><br>Lunes a viernes, de 10 a 15 h.<\/li>\n\n\n\n<li><strong>Tiendas y negocios<\/strong><br>En las grandes ciudades de 9 a 20 horas, pero en provincias suelen cerrar al mediod\u00eda. Los s\u00e1bados, de 9 a 13 h.<br>Los centros comerciales y grandes almacenes abren toda la semana de 10 a 22 h, fines de semana incluidos.<\/li>\n\n\n\n<li><strong>Caf\u00e9, Confiter\u00edas y Pizzer\u00edas<\/strong><br>Abierto todo el d\u00eda, excepto entre las 2 y las 6 de la ma\u00f1ana.<\/li>\n\n\n\n<li><strong>Restaurantes<\/strong><br>Servicio de almuerzo a partir de las 12h y servicio de cena a partir de las 20h. Sin embargo, muchos establecimientos ofrecen comida r\u00e1pida y snacks durante todo el d\u00eda.<\/li>\n<\/ul>\n<\/div>\n<\/div>\n<\/section>\n\n\n\n<section class=\"wp-block-group is-layout-constrained wp-block-group-is-layout-constrained\">\n<div class=\"wp-block-columns is-layout-flex wp-container-core-columns-is-layout-cf05694f wp-block-columns-is-layout-flex\">\n<div class=\"wp-block-column is-layout-flow wp-block-column-is-layout-flow\">\n<h2 class=\"wp-block-heading linea-debajo\">Moneda<\/h2>\n<\/div>\n\n\n\n<div class=\"wp-block-column is-layout-flow wp-block-column-is-layout-flow\">\n<p>La moneda en Argentina es el PESO ($).Propinas: como en muchos otros pa\u00edses, en Argentina es com\u00fan dar propina al 10% del servicio recibido en caf\u00e9s y restaurantes, as\u00ed como propinas a maleteros, botones y valet parking.<\/p>\n<\/div>\n<\/div>\n<\/section>\n\n\n\n<section class=\"wp-block-group is-layout-constrained wp-block-group-is-layout-constrained\">\n<div class=\"wp-block-columns is-layout-flex wp-container-core-columns-is-layout-cf05694f wp-block-columns-is-layout-flex\">\n<div class=\"wp-block-column is-layout-flow wp-block-column-is-layout-flow\">\n<h2 class=\"wp-block-heading linea-debajo\">Electricidad y enchufes<\/h2>\n<\/div>\n\n\n\n<div class=\"wp-block-column is-layout-flow wp-block-column-is-layout-flow\">\n<p>En nuestro pa\u00eds la corriente es de 220 voltios, y las tomas de los enchufes m\u00e1s comunes son de tipo C e I.<\/p>\n\n\n\n<p>Existen en sus versiones de orificios chatos m\u00e1s uno de descarga a tierra, y tambi\u00e9n los que tienen dos orificios cil\u00edndricos que son m\u00e1s antiguos. (Ver imagen)<\/p>\n\n\n\n<p>Puede comprar adaptadores en cualquier tienda especializada.<\/p>\n\n\n\n<figure class=\"wp-block-image size-full\"><img decoding=\"async\" src=\"https:\/\/atyca.tur.ar\/wp-content\/uploads\/enchufes.png\" alt=\"\" class=\"wp-image-229\"\/><\/figure>\n<\/div>\n<\/div>\n\n\n\n<div style=\"height:39px\" aria-hidden=\"true\" class=\"wp-block-spacer\"><\/div>\n<\/section>\n\n\n\n<section class=\"wp-block-group alignfull has-base-100-background-color has-background is-layout-constrained wp-block-group-is-layout-constrained\">\n<div class=\"wp-block-columns is-layout-flex wp-container-core-columns-is-layout-cf05694f wp-block-columns-is-layout-flex\">\n<div class=\"wp-block-column is-layout-flow wp-block-column-is-layout-flow\">\n<h2 class=\"wp-block-heading linea-debajo\">Parques nacionales y \u00e1reas protegidas<\/h2>\n\n\n\n<p>Luego de la peor etapa de la pandemia, contin\u00faan abriendo progresivamente distintos Parques Nacionales. \u201cPara las reaperturas hemos trabajado especialmente en contribuir al desarrollo social, promoviendo las actividades recreativas con protocolos sanitarios y la posibilidad de que se habiliten gu\u00edas locales\u201d, se\u00f1al\u00f3 el ministro de Ambiente y Desarrollo Sostenible, Juan Cabandi\u00e9.<\/p>\n<\/div>\n\n\n\n<div class=\"wp-block-column is-layout-flow wp-block-column-is-layout-flow\">\n<ul class=\"wp-block-list std-list\">\n<li>Al d\u00eda de hoy existen <strong>31 \u00e1reas protegidas abiertas al p\u00fablico<\/strong>, con diversos niveles\/etapas de reapertura que dependen de las diferentes fases epidemiol\u00f3gicas determinadas por las autoridades sanitarias de las provincias.<\/li>\n\n\n\n<li>La din\u00e1mica de implementaci\u00f3n de las nuevas fases se coordina con las autoridades locales y luego se autoriza el protocolo espec\u00edfico para cada \u00e1rea de uso p\u00fablico. Por esta raz\u00f3n se recomienda consultar con las administraciones respectivas el estado de situaci\u00f3n de los Parques Nacionales sobre las modalidades y cupos antes de organizar las visitas.<\/li>\n\n\n\n<li>En los distintos Parques se habilitaron senderos para caminatas, ciclismo, \u00e1reas de uso diurno, actividades n\u00e1uticas, navegaci\u00f3n a motor, rafting, excursiones diferenciales, prestadores de servicios recreativos varios (kayak, cabalgatas, bicicletas), pesca deportiva, caza deportiva en cotos habilitados, servicios de gastronom\u00eda, excursiones lacustres, excursiones terrestres, acampe, refugios de monta\u00f1a y alojamientos en general.<\/li>\n<\/ul>\n<\/div>\n<\/div>\n<\/section>\n\n\n\n<section class=\"wp-block-group is-layout-constrained wp-block-group-is-layout-constrained\">\n<div class=\"wp-block-columns is-layout-flex wp-container-core-columns-is-layout-cf05694f wp-block-columns-is-layout-flex\">\n<div class=\"wp-block-column is-layout-flow wp-block-column-is-layout-flow\">\n<h2 class=\"wp-block-heading linea-debajo\">Situaci\u00f3n geogr\u00e1fica<\/h2>\n<\/div>\n\n\n\n<div class=\"wp-block-column is-layout-flow wp-block-column-is-layout-flow\">\n<p>Estamos en el extremo Sur del continente americano, es el pa\u00eds hispanohablante m\u00e1s extenso del planeta y el segundo m\u00e1s grande de Am\u00e9rica Latina.<\/p>\n\n\n\n<p>La caracter\u00edstica fundamental del relieve argentino es el enorme contraste que ofrecen las inmensas llanuras orientales y la impresionante cordillera de los Andes al oeste, la que posee la cumbre m\u00e1s alta del hemisferio occidental: el Aconcagua, de 6.959 m.<\/p>\n\n\n\n<p>En su recorrido desde Jujuy hasta la Tierra del Fuego, la cordillera exhibe la maravillosa variedad de su paisaje: desde los altiplanos del noroeste -des\u00e9rticos, con valles, quebradas y coloridos cerros- hasta la regi\u00f3n de los lagos, bosques y glaciares de la Patagonia.<\/p>\n\n\n\n<p>Entre los r\u00edos Paran\u00e1 y Uruguay, la Mesopotamia argentina (provincias de Entre R\u00edos, Corrientes y Misiones) est\u00e1 formada por lomadas bajas, lagunas y esteros que se\u00f1alan los antiguos trazados de estos grandes r\u00edos. En algunos sectores, en medio de la selva subtropical, se producen rupturas que favorecen fen\u00f3menos tan espectaculares como las Cataratas del Iguaz\u00fa.<\/p>\n\n\n\n<p>En el centro de la Argentina, la regi\u00f3n pampeana, es la llanura m\u00e1s extensa y conocida. De intensa explotaci\u00f3n agr\u00edcola y ganadera, abarca la provincia de Buenos Aires, nordeste de la provincia de La Pampa y sur de C\u00f3rdoba y de Santa Fe. Su paisaje est\u00e1 interrumpido al sur por las peque\u00f1as serran\u00edas de Tandil y de la Ventana, y al oeste por las sierras de C\u00f3rdoba.<\/p>\n\n\n\n<p>Hacia el sur, de los Andes al mar, se extienden las est\u00e9riles y pedregosas mesetas patag\u00f3nicas, azotadas gran parte del a\u00f1o por el viento. El litoral atl\u00e1ntico, bordeado por altos acantilados, dibuja formas sinuosas, como la Pen\u00ednsula Vald\u00e9s, con sus espectaculares apostaderos de animales marinos.<\/p>\n<\/div>\n<\/div>\n\n\n\n<div style=\"height:39px\" aria-hidden=\"true\" class=\"wp-block-spacer\"><\/div>\n<\/section>\n\n\n\n<section class=\"wp-block-group alignfull has-base-100-background-color has-background is-layout-constrained wp-block-group-is-layout-constrained\">\n<div class=\"wp-block-columns is-layout-flex wp-container-core-columns-is-layout-cf05694f wp-block-columns-is-layout-flex\">\n<div class=\"wp-block-column is-layout-flow wp-block-column-is-layout-flow\">\n<h2 class=\"wp-block-heading linea-debajo\">Links de utilidad<\/h2>\n<\/div>\n\n\n\n<div class=\"wp-block-column is-layout-flow wp-block-column-is-layout-flow\">\n<h3 class=\"wp-block-heading\">Cheque\u00e1 tu vuelo en tiempo real<\/h3>\n\n\n\n<p>En&nbsp;<a href=\"https:\/\/www.aa2000.com.ar\/\" target=\"_blank\" rel=\"noreferrer noopener\">este link<\/a>&nbsp;podr\u00e1s consultar la cartelera de arribos y partidas de los principales aeropuertos del pa\u00eds.<\/p>\n\n\n\n<h3 class=\"wp-block-heading\"><strong>Servicio meteorol\u00f3gico<\/strong><\/h3>\n\n\n\n<p>En&nbsp;<a href=\"https:\/\/www.smn.gob.ar\/\" target=\"_blank\" rel=\"noreferrer noopener\">este link<\/a>&nbsp;podr\u00e1s consultar el pron\u00f3stico oficial de los pr\u00f3ximos d\u00edas en cualquier ciudad del pa\u00eds.<\/p>\n\n\n\n<h3 class=\"wp-block-heading\"><strong>C\u00f3mo tramitar reintegro de impuestos<\/strong><\/h3>\n\n\n\n<p>Si sos turista extranjero en nuestro pa\u00eds, pod\u00e9s solicitar el reintegro del Impuesto al Valor Agregado -IVA \/ Value Added TaX (VAT) por las compras de productos nacionales superiores a $70 efectuadas en la Argentina.&nbsp;<a href=\"https:\/\/www.argentina.gob.ar\/reintegrar-impuestos-turistas-extranjeros\" target=\"_blank\" rel=\"noreferrer noopener\">M\u00e1s info<\/a><\/p>\n<\/div>\n<\/div>\n\n\n\n<div style=\"height:30px\" aria-hidden=\"true\" class=\"wp-block-spacer\"><\/div>\n<\/section>","protected":false},"excerpt":{"rendered":"<p>Clima Cualquier momento del a\u00f1o es bueno para viajar a Argentina. En gran medida depende de las intenciones del viaje. Aqu\u00ed presentamos algunas ventajas y desventajas de viajar a Argentina dependiendo de la estaci\u00f3n del a\u00f1o. Nunca dejar de tener en cuenta que el tiempo puede cambiar considerablemente de una zona del pa\u00eds a otra.&nbsp; [&hellip;]<\/p>","protected":false},"author":1,"featured_media":0,"parent":0,"menu_order":0,"comment_status":"closed","ping_status":"closed","template":"","meta":{"_acf_changed":false,"footnotes":""},"class_list":["post-70","page","type-page","status-publish","hentry"],"acf":[],"_links":{"self":[{"href":"https:\/\/atyca.tur.ar\/en\/wp-json\/wp\/v2\/pages\/70","targetHints":{"allow":["GET"]}}],"collection":[{"href":"https:\/\/atyca.tur.ar\/en\/wp-json\/wp\/v2\/pages"}],"about":[{"href":"https:\/\/atyca.tur.ar\/en\/wp-json\/wp\/v2\/types\/page"}],"author":[{"embeddable":true,"href":"https:\/\/atyca.tur.ar\/en\/wp-json\/wp\/v2\/users\/1"}],"replies":[{"embeddable":true,"href":"https:\/\/atyca.tur.ar\/en\/wp-json\/wp\/v2\/comments?post=70"}],"version-history":[{"count":4,"href":"https:\/\/atyca.tur.ar\/en\/wp-json\/wp\/v2\/pages\/70\/revisions"}],"predecessor-version":[{"id":464,"href":"https:\/\/atyca.tur.ar\/en\/wp-json\/wp\/v2\/pages\/70\/revisions\/464"}],"wp:attachment":[{"href":"https:\/\/atyca.tur.ar\/en\/wp-json\/wp\/v2\/media?parent=70"}],"curies":[{"name":"wp","href":"https:\/\/api.w.org\/{rel}","templated":true}]}}